{"id":1021,"date":"2021-11-16T14:55:06","date_gmt":"2021-11-16T13:55:06","guid":{"rendered":"https:\/\/vous-avez-dit-bigbang.fr\/?page_id=1021"},"modified":"2021-12-12T11:10:20","modified_gmt":"2021-12-12T10:10:20","slug":"approche-epistemologique-alternative-de-la-cosmologie-utilisant-le-concept-de-force-de-planck","status":"publish","type":"page","link":"https:\/\/vous-avez-dit-bigbang.fr\/?page_id=1021","title":{"rendered":"Un nouveau paradigme pour la cosmologie: La force de Planck comme constante de la gravitation. (12\/12\/21)"},"content":{"rendered":"\n<ul class=\"wp-block-list\" id=\"menu-menu-principal-main-menu\"><li><a href=\"https:\/\/vous-avez-dit-bigbang.fr\/?page_id=1018\">t<\/a><\/li><\/ul>\n\n\n\n<h1 class=\"wp-block-heading\">Introduction<\/h1>\n\n\n\n<p>Dans le document:\u00a0\u00bb <strong>La valeur des constantes G et c est-elle impos\u00e9e par l\u2019univers? Mise \u00e0 jour 10\/12\/21&Prime;, <\/strong>nous avons d\u00e9fini la force de Planck f<sub>p<\/sub> \u00e0 partir de l&rsquo;\u00e9quation de la dynamique f = m. g  en utilisant les dimensions de Planck  (constante de Planck, longueur de Planck, masse de Planck et temps de Planck). La valeur trouv\u00e9e est  f<sub>p<\/sub> = c<sup>4<\/sup>\/G = 10<sup>44 <\/sup> newtons.<\/p>\n\n\n\n<h2 class=\"wp-block-heading\">Coh\u00e9rence entre rationalisme et r\u00e9alisme<\/h2>\n\n\n\n<p>Nous avons montr\u00e9 que c&rsquo;est cette force de Planck, qui figure dans l&rsquo;\u00e9quation d&rsquo;Einstein, qui  assure la coh\u00e9rence dimensionnelle entre  le membre de gauche de l&rsquo;\u00e9quation, de nature g\u00e9om\u00e9trique et le membre de droite de nature physique. <\/p>\n\n\n\n<p>Autrement dit, comme la relativit\u00e9 est une th\u00e9orie g\u00e9om\u00e9trique de la gravitation, th\u00e9orie qui est un produit de l&rsquo;esprit du physicien (rationalisme), La force de Planck assure la coh\u00e9rence entre l&rsquo;esprit du physicien et le monde physique (r\u00e9alisme), ce qui lui conf\u00e8re le statut de paradigme cl\u00e9 pour ouvrir l&rsquo;acc\u00e8s au monde physique. <\/p>\n\n\n\n<h2 class=\"wp-block-heading\">Ind\u00e9pendance d&rsquo;\u00e9chelle<\/h2>\n\n\n\n<p>Nous avons montr\u00e9 que comme elle est ind\u00e9pendante de la valeur de la constante de Planck, il n\u2019y a pas de raison pour ne pas consid\u00e9rer cette force comme une constante de la gravitation \u00e0 toute autre \u00e9chelle que celle de Planck (la plus petite physique), en particulier \u00e0 l&rsquo;\u00e9chelle de l&rsquo;univers (la plus grande physique) o\u00f9 par simple analyse dimensionnelle nous pourrons en d\u00e9duire des param\u00e8tres des lois.<\/p>\n\n\n\n<p>De par sa pr\u00e9sence dans l&rsquo;\u00e9quation d&rsquo;Einstein, nous allons la retrouver dans ses solutions, en particulier dans la propagation des ondes gravitationnelles, r\u00e9action \u00e0 une perturbation de la solution d&rsquo;\u00e9quilibre, ce qui va nous permettre de d\u00e9finir une inertie de l&rsquo;univers <\/p>\n\n\n\n<h2 class=\"wp-block-heading\">Des myst\u00e8res expliqu\u00e9s<\/h2>\n\n\n\n<p>A l\u2019\u00e9chelle de l\u2019univers, nous avons vu qu\u2019elle pouvait expliquer le facteur de 10<sup>122<\/sup> d\u2019\u00e9cart entre l\u2019\u00e9nergie du vide telle que pr\u00e9dite par la m\u00e9canique quantique et la constante cosmologique mesur\u00e9e par les observations (SN1A, CMB, ..) suppos\u00e9e r\u00e9gir l\u2019acc\u00e9l\u00e9ration de l\u2019expansion.<\/p>\n\n\n\n<p>Plus encore, en consid\u00e9rant cette force de Planck et les param\u00e8tres de l\u2019univers (masse de l\u2019univers, \u00e2ge de l\u2019univers), on pouvait en d\u00e9duire les valeurs de G (constante de gravitation) et c&nbsp;(vitesse de la lumi\u00e8re) et vice-versa bien-entendu !<\/p>\n\n\n\n<p>Ce qui tendrait \u00e0 prouver que ces constantes G et c ne sont pas&nbsp;\u00ab arbitraires&nbsp;\u00bb mais d\u00e9pendent de l\u2019univers, une id\u00e9e plut\u00f4t r\u00e9confortante.<\/p>\n\n\n\n<p>Par ailleurs son utilisation  pourrait r\u00e9soudre le probl\u00e8me de l&rsquo;incompatibilit\u00e9 entre les mesures de la constante de Hubble \u00e0  z  &lt; 1 (SN1A par exemple) et celles \u00e0 z  >> 1 par l&rsquo;\u00e9tude du CMB, car si on la consid\u00e8re comme paradigme alors la constante cosmologique n&rsquo;est plus constante mais d\u00e9pend du temps.<\/p>\n\n\n\n<p>L\u2019objet de ce qui suit est de mieux cerner le r\u00f4le de cette force et de proposer une approche en prenant cette force comme principe directeur.<\/p>\n\n\n\n<h2 class=\"wp-block-heading\">Quelle ph\u00e9nom\u00e9nologie rattacher \u00e0 cette force de Planck<\/h2>\n\n\n\n<p>Comme sa valeur, son \u00e9tablissement et certaines de ses propri\u00e9t\u00e9s annonc\u00e9es ont d\u00e9j\u00e0 \u00e9t\u00e9 trait\u00e9es dans le document cit\u00e9,  nous nous attachons ici \u00e0 introduire  l\u2019analyse de la ph\u00e9nom\u00e9nologie qu\u2019elle peut repr\u00e9senter.<\/p>\n\n\n\n<p>Nous l\u2019avons utilis\u00e9e comme un param\u00e8tre \u00ab&nbsp;invariant d\u2019\u00e9chelle&nbsp;\u00bb car son expression, ne faisant intervenir que les constantes G et c, n\u2019en d\u00e9pendait pas, \u00e0 priori de l\u2019\u00e9chelle. <\/p>\n\n\n\n<p>Nous en avons ensuite compar\u00e9 les \u00e9chelles, en comparant la valeur de la constante de Planck h (ou <s>h<\/s>) avec la valeur qui faut lui attribuer (h<sub>u<\/sub>) pour conserver la valeur de la force de Planck \u00e0 l\u2019\u00e9chelle de l\u2019univers, avec la masse et l\u2019\u00e2ge de l\u2019univers, par la formule d\u00e9finissant cette force de Planck \u00e0 l\u2019\u00e9chelle de Planck. <\/p>\n\n\n\n<p>Le rapport de 10<sup>122<\/sup>, tant d\u00e9cri\u00e9, a \u00e9t\u00e9 d\u00e9duit de cette comparaison. On peut contester le fait que cette force soit un param\u00e8tre \u00ab&nbsp;directeur&nbsp;fondamental \u00bb de la cosmologie. Il faudrait relier cela \u00e0 un principe qui ferait consensus (ou presque).<\/p>\n\n\n\n<p>La constance de ce param\u00e8tre est bien coh\u00e9rente avec le fait qu\u2019\u00e0 l\u2019\u00e9chelle de l\u2019univers il est homog\u00e8ne et isotrope.<\/p>\n\n\n\n<h2 class=\"wp-block-heading\">Conclusion<\/h2>\n\n\n\n<p> Cette piste, qui apporte des r\u00e9ponses int\u00e9ressantes et compatibles avec ce que la nature nous r\u00e9v\u00e8le par les observations, m\u00e9rite d&rsquo;\u00eatre explor\u00e9e m\u00eame si son fondement peut sans-doute \u00eatre am\u00e9lior\u00e9.<\/p>\n\n\n\n<p>Voir :  <strong>La valeur des constantes G et c est-elle impos\u00e9e par l\u2019univers? Mise \u00e0 jour 10\/12\/21&Prime;<\/strong> pour plus de d\u00e9tails.<\/p>\n","protected":false},"excerpt":{"rendered":"<p>t Introduction Dans le document:\u00a0\u00bb La valeur des constantes G et c est-elle impos\u00e9e par l\u2019univers? Mise \u00e0 jour 10\/12\/21&Prime;, nous avons d\u00e9fini la force de Planck fp \u00e0 partir de l&rsquo;\u00e9quation de la dynamique f = m. g en utilisant les dimensions de Planck (constante de Planck, longueur de Planck, masse de Planck et &hellip; <a href=\"https:\/\/vous-avez-dit-bigbang.fr\/?page_id=1021\" class=\"more-link\">Continuer la lecture<span class=\"screen-reader-text\"> de &laquo;&nbsp;Un nouveau paradigme pour la cosmologie: La force de Planck comme constante de la gravitation. (12\/12\/21)&nbsp;&raquo;<\/span><\/a><\/p>\n","protected":false},"author":1,"featured_media":0,"parent":0,"menu_order":0,"comment_status":"closed","ping_status":"closed","template":"","meta":{"footnotes":""},"class_list":["post-1021","page","type-page","status-publish","hentry"],"_links":{"self":[{"href":"https:\/\/vous-avez-dit-bigbang.fr\/index.php?rest_route=\/wp\/v2\/pages\/1021","targetHints":{"allow":["GET"]}}],"collection":[{"href":"https:\/\/vous-avez-dit-bigbang.fr\/index.php?rest_route=\/wp\/v2\/pages"}],"about":[{"href":"https:\/\/vous-avez-dit-bigbang.fr\/index.php?rest_route=\/wp\/v2\/types\/page"}],"author":[{"embeddable":true,"href":"https:\/\/vous-avez-dit-bigbang.fr\/index.php?rest_route=\/wp\/v2\/users\/1"}],"replies":[{"embeddable":true,"href":"https:\/\/vous-avez-dit-bigbang.fr\/index.php?rest_route=%2Fwp%2Fv2%2Fcomments&post=1021"}],"version-history":[{"count":3,"href":"https:\/\/vous-avez-dit-bigbang.fr\/index.php?rest_route=\/wp\/v2\/pages\/1021\/revisions"}],"predecessor-version":[{"id":1146,"href":"https:\/\/vous-avez-dit-bigbang.fr\/index.php?rest_route=\/wp\/v2\/pages\/1021\/revisions\/1146"}],"wp:attachment":[{"href":"https:\/\/vous-avez-dit-bigbang.fr\/index.php?rest_route=%2Fwp%2Fv2%2Fmedia&parent=1021"}],"curies":[{"name":"wp","href":"https:\/\/api.w.org\/{rel}","templated":true}]}}